{"id":4462,"date":"2021-05-21T01:06:19","date_gmt":"2021-05-21T04:06:19","guid":{"rendered":"https:\/\/ambarenergia.com.br\/hogar\/"},"modified":"2026-04-14T10:46:45","modified_gmt":"2026-04-14T13:46:45","slug":"hogar","status":"publish","type":"page","link":"https:\/\/ambarenergia.com.br\/es\/","title":{"rendered":"Hogar"},"content":{"rendered":"\t\t<div data-elementor-type=\"wp-page\" data-elementor-id=\"4462\" class=\"elementor elementor-4462 elementor-1111\">\n\t\t\t\t\t\t<section class=\"elementor-section elementor-top-section elementor-element elementor-element-fba69a7 elementor-section-height-min-height elementor-section-full_width elementor-section-content-middle hero elementor-section-height-default elementor-section-items-middle\" data-id=\"fba69a7\" data-element_type=\"section\" data-settings=\"{&quot;background_background&quot;:&quot;classic&quot;}\">\n\t\t\t\t\t\t\t<div class=\"elementor-background-overlay\"><\/div>\n\t\t\t\t\t\t\t<div class=\"elementor-container elementor-column-gap-no\">\n\t\t\t\t\t<div class=\"elementor-column elementor-col-100 elementor-top-column elementor-element elementor-element-835d56e home-col\" data-id=\"835d56e\" data-element_type=\"column\">\n\t\t\t<div class=\"elementor-widget-wrap elementor-element-populated\">\n\t\t\t\t<div class=\"elementor-element elementor-element-097f710 e-con-full e-flex e-con e-parent\" data-id=\"097f710\" data-element_type=\"container\" data-settings=\"{&quot;shape_divider_top&quot;:&quot;triangle-asymmetrical&quot;,&quot;shape_divider_top_negative&quot;:&quot;yes&quot;}\">\n\t\t\t\t<div class=\"elementor-shape elementor-shape-top\" data-negative=\"true\">\n\t\t\t<svg xmlns=\"http:\/\/www.w3.org\/2000\/svg\" viewBox=\"0 0 1000 100\" preserveAspectRatio=\"none\">\n\t<path class=\"elementor-shape-fill\" d=\"M737.9,94.7L0,0v100h1000V0L737.9,94.7z\"\/>\n<\/svg>\t\t<\/div>\n\t\t\t\t<div class=\"elementor-element elementor-element-5d9e772 uael-img-caption-valign-middle home-carousel elementor-widget-tablet__width-inherit uael-ins-normal elementor-widget elementor-widget-uael-image-gallery\" data-id=\"5d9e772\" data-element_type=\"widget\" data-settings=\"{&quot;slides_to_show&quot;:1,&quot;column_gap&quot;:{&quot;unit&quot;:&quot;px&quot;,&quot;size&quot;:0,&quot;sizes&quot;:[]},&quot;caption_padding&quot;:{&quot;unit&quot;:&quot;px&quot;,&quot;top&quot;:&quot;40&quot;,&quot;right&quot;:&quot;40&quot;,&quot;bottom&quot;:&quot;40&quot;,&quot;left&quot;:&quot;40&quot;,&quot;isLinked&quot;:true},&quot;slides_to_show_tablet&quot;:1,&quot;slides_to_show_mobile&quot;:1,&quot;column_gap_mobile&quot;:{&quot;unit&quot;:&quot;px&quot;,&quot;size&quot;:0,&quot;sizes&quot;:[]},&quot;slides_to_scroll&quot;:1,&quot;slides_to_scroll_tablet&quot;:1,&quot;slides_to_scroll_mobile&quot;:1,&quot;column_gap_tablet&quot;:{&quot;unit&quot;:&quot;px&quot;,&quot;size&quot;:&quot;&quot;,&quot;sizes&quot;:[]},&quot;caption_padding_tablet&quot;:{&quot;unit&quot;:&quot;px&quot;,&quot;top&quot;:&quot;&quot;,&quot;right&quot;:&quot;&quot;,&quot;bottom&quot;:&quot;&quot;,&quot;left&quot;:&quot;&quot;,&quot;isLinked&quot;:true},&quot;caption_padding_mobile&quot;:{&quot;unit&quot;:&quot;px&quot;,&quot;top&quot;:&quot;&quot;,&quot;right&quot;:&quot;&quot;,&quot;bottom&quot;:&quot;&quot;,&quot;left&quot;:&quot;&quot;,&quot;isLinked&quot;:true}}\" data-widget_type=\"uael-image-gallery.default\">\n\t\t\t\t<div class=\"elementor-widget-container\">\n\t\t\t\t\t<div class=\"uael-gallery-parent uael-caption-on-image uael-gallery-unjustified\"><div data-image_carousel=\"{&quot;slidesToShow&quot;:1,&quot;slidesToScroll&quot;:1,&quot;autoplaySpeed&quot;:10000,&quot;autoplay&quot;:true,&quot;infinite&quot;:true,&quot;pauseOnHover&quot;:true,&quot;speed&quot;:500,&quot;arrows&quot;:false,&quot;dots&quot;:true,&quot;rtl&quot;:false,&quot;responsive&quot;:[{&quot;breakpoint&quot;:1024,&quot;settings&quot;:{&quot;slidesToShow&quot;:1,&quot;slidesToScroll&quot;:1}},{&quot;breakpoint&quot;:767,&quot;settings&quot;:{&quot;slidesToShow&quot;:1,&quot;slidesToScroll&quot;:1}}]}\" class=\"uael-img-gallery-wrap uael-img-carousel-wrap uael-nav-dots\" data-filter-default=\"Todo\"><div class=\"uael-grid-item  uael-img-gallery-item-1\"><div class=\"uael-grid-item-content\"><a class=\"uael-grid-img uael-grid-gallery-img uael-ins-hover elementor-clickable\" target=\"_self\" href=\"\/solucoes\/#geracao\" data-elementor-open-lightbox=\"no\"><div class=\"uael-grid-img-thumbnail uael-ins-target\"><img fetchpriority=\"high\" decoding=\"async\" width=\"2048\" height=\"1152\" src=\"https:\/\/ambarenergia.com.br\/wp-content\/uploads\/2024\/06\/Geracao-de-Energia-Araucaria.jpeg\" class=\"attachment-full size-full wp-image-3742\" alt=\"\" srcset=\"https:\/\/ambarenergia.com.br\/wp-content\/uploads\/2024\/06\/Geracao-de-Energia-Araucaria.jpeg 2048w, https:\/\/ambarenergia.com.br\/wp-content\/uploads\/2024\/06\/Geracao-de-Energia-Araucaria-300x169.jpeg 300w, https:\/\/ambarenergia.com.br\/wp-content\/uploads\/2024\/06\/Geracao-de-Energia-Araucaria-1024x576.jpeg 1024w, https:\/\/ambarenergia.com.br\/wp-content\/uploads\/2024\/06\/Geracao-de-Energia-Araucaria-768x432.jpeg 768w, https:\/\/ambarenergia.com.br\/wp-content\/uploads\/2024\/06\/Geracao-de-Energia-Araucaria-1536x864.jpeg 1536w\" sizes=\"(max-width: 2048px) 100vw, 2048px\" \/><figcaption class=\"uael-grid-img-content\"><div class=\"uael-grid-img-caption\"><h2 class=\"uael-grid-caption-text\"><b>Generaci\u00f3n de energ\u00eda<\/b> Contamos con 59 unidades de generaci\u00f3n el\u00e9ctrica, esenciales para garantizar la seguridad del suministro del pa\u00eds y fortalecer la transici\u00f3n energ\u00e9tica sostenible.<\/h2><\/div><\/figcaption><\/div><div class=\"uael-grid-img-overlay\"><\/div><\/a><\/div><\/div><div class=\"uael-grid-item  uael-img-gallery-item-2\"><div class=\"uael-grid-item-content\"><a class=\"uael-grid-img uael-grid-gallery-img uael-ins-hover elementor-clickable\" target=\"_self\" href=\"\/mercado-livre-de-energia\/\" data-elementor-open-lightbox=\"no\"><div class=\"uael-grid-img-thumbnail uael-ins-target\"><img decoding=\"async\" width=\"1920\" height=\"1080\" src=\"https:\/\/ambarenergia.com.br\/wp-content\/uploads\/2024\/06\/Comercializacao-e-gestao-Salto-Passo-Velho.jpg\" class=\"attachment-full size-full wp-image-3741\" alt=\"\" srcset=\"https:\/\/ambarenergia.com.br\/wp-content\/uploads\/2024\/06\/Comercializacao-e-gestao-Salto-Passo-Velho.jpg 1920w, https:\/\/ambarenergia.com.br\/wp-content\/uploads\/2024\/06\/Comercializacao-e-gestao-Salto-Passo-Velho-300x169.jpg 300w, https:\/\/ambarenergia.com.br\/wp-content\/uploads\/2024\/06\/Comercializacao-e-gestao-Salto-Passo-Velho-1024x576.jpg 1024w, https:\/\/ambarenergia.com.br\/wp-content\/uploads\/2024\/06\/Comercializacao-e-gestao-Salto-Passo-Velho-768x432.jpg 768w, https:\/\/ambarenergia.com.br\/wp-content\/uploads\/2024\/06\/Comercializacao-e-gestao-Salto-Passo-Velho-1536x864.jpg 1536w\" sizes=\"(max-width: 1920px) 100vw, 1920px\" \/><figcaption class=\"uael-grid-img-content\"><div class=\"uael-grid-img-caption\"><h2 class=\"uael-grid-caption-text\"><b>Marketing y gesti\u00f3n<\/b> Migre al Mercado Libre de Energ\u00eda con \u00c2mbar y cuente con la solidez y los servicios del grupo empresarial m\u00e1s grande del pa\u00eds, ofreciendo precios competitivos.<\/h2><\/div><\/figcaption><\/div><div class=\"uael-grid-img-overlay\"><\/div><\/a><\/div><\/div><div class=\"uael-grid-item  uael-img-gallery-item-3\"><div class=\"uael-grid-item-content\"><a class=\"uael-grid-img uael-grid-gallery-img uael-ins-hover elementor-clickable\" target=\"_self\" href=\"\/sustentabilidade\/\" data-elementor-open-lightbox=\"no\"><div class=\"uael-grid-img-thumbnail uael-ins-target\"><img decoding=\"async\" width=\"2048\" height=\"1152\" src=\"https:\/\/ambarenergia.com.br\/wp-content\/uploads\/2024\/06\/Sustentabilidade-PicPay.jpg\" class=\"attachment-full size-full wp-image-3744\" alt=\"\" srcset=\"https:\/\/ambarenergia.com.br\/wp-content\/uploads\/2024\/06\/Sustentabilidade-PicPay.jpg 2048w, https:\/\/ambarenergia.com.br\/wp-content\/uploads\/2024\/06\/Sustentabilidade-PicPay-300x169.jpg 300w, https:\/\/ambarenergia.com.br\/wp-content\/uploads\/2024\/06\/Sustentabilidade-PicPay-1024x576.jpg 1024w, https:\/\/ambarenergia.com.br\/wp-content\/uploads\/2024\/06\/Sustentabilidade-PicPay-768x432.jpg 768w, https:\/\/ambarenergia.com.br\/wp-content\/uploads\/2024\/06\/Sustentabilidade-PicPay-1536x864.jpg 1536w\" sizes=\"(max-width: 2048px) 100vw, 2048px\" \/><figcaption class=\"uael-grid-img-content\"><div class=\"uael-grid-img-caption\"><h2 class=\"uael-grid-caption-text\"><b>Sostenibilidad<\/b> Tenemos un s\u00f3lido compromiso con la responsabilidad social y ambiental en todas nuestras operaciones. En el camino de los criterios ESG, nuestros proyectos tienen como objetivo la sostenibilidad y el progreso social de las comunidades.<\/h2><\/div><\/figcaption><\/div><div class=\"uael-grid-img-overlay\"><\/div><\/a><\/div><\/div><div class=\"uael-grid-item  uael-img-gallery-item-4\"><div class=\"uael-grid-item-content\"><a class=\"uael-grid-img uael-grid-gallery-img uael-ins-hover elementor-clickable\" target=\"_self\" href=\"https:\/\/ambarenergia.amdb.net.br\/solucoes\/#geracao-distribuida\" data-elementor-open-lightbox=\"no\"><div class=\"uael-grid-img-thumbnail uael-ins-target\"><img loading=\"lazy\" decoding=\"async\" width=\"2048\" height=\"1152\" src=\"https:\/\/ambarenergia.com.br\/wp-content\/uploads\/2024\/06\/Geracao-Distribuida-Saltinho.jpg\" class=\"attachment-full size-full wp-image-3743\" alt=\"\" srcset=\"https:\/\/ambarenergia.com.br\/wp-content\/uploads\/2024\/06\/Geracao-Distribuida-Saltinho.jpg 2048w, https:\/\/ambarenergia.com.br\/wp-content\/uploads\/2024\/06\/Geracao-Distribuida-Saltinho-300x169.jpg 300w, https:\/\/ambarenergia.com.br\/wp-content\/uploads\/2024\/06\/Geracao-Distribuida-Saltinho-1024x576.jpg 1024w, https:\/\/ambarenergia.com.br\/wp-content\/uploads\/2024\/06\/Geracao-Distribuida-Saltinho-768x432.jpg 768w, https:\/\/ambarenergia.com.br\/wp-content\/uploads\/2024\/06\/Geracao-Distribuida-Saltinho-1536x864.jpg 1536w\" sizes=\"(max-width: 2048px) 100vw, 2048px\" \/><figcaption class=\"uael-grid-img-content\"><div class=\"uael-grid-img-caption\"><h2 class=\"uael-grid-caption-text\"><b>Generaci\u00f3n Distribuida<\/b> Ofrecemos la soluci\u00f3n ideal para consumidores residenciales y empresariales de baja y media tensi\u00f3n, utilizando energ\u00eda 100% renovable.<\/h2><\/div><\/figcaption><\/div><div class=\"uael-grid-img-overlay\"><\/div><\/a><\/div><\/div><\/div><\/div>\t\t\t\t<\/div>\n\t\t\t\t<\/div>\n\t\t\t\t<\/div>\n\t\t\t\t\t<\/div>\n\t\t<\/div>\n\t\t\t\t\t<\/div>\n\t\t<\/section>\n\t\t\t\t<section class=\"elementor-section elementor-top-section elementor-element elementor-element-4c17432 elementor-section-boxed elementor-section-height-default elementor-section-height-default\" data-id=\"4c17432\" data-element_type=\"section\">\n\t\t\t\t\t\t<div class=\"elementor-container elementor-column-gap-no\">\n\t\t\t\t\t<div class=\"elementor-column elementor-col-100 elementor-top-column elementor-element elementor-element-0f3cba3\" data-id=\"0f3cba3\" data-element_type=\"column\">\n\t\t\t<div class=\"elementor-widget-wrap elementor-element-populated\">\n\t\t\t\t<div class=\"elementor-element elementor-element-faadee3 e-flex e-con-boxed e-con e-parent\" data-id=\"faadee3\" data-element_type=\"container\">\n\t\t\t\t\t<div class=\"e-con-inner\">\n\t\t\t\t<div class=\"elementor-element elementor-element-7c8109a elementor-widget elementor-widget-heading\" data-id=\"7c8109a\" data-element_type=\"widget\" data-widget_type=\"heading.default\">\n\t\t\t\t<div class=\"elementor-widget-container\">\n\t\t\t\t\t<h2 class=\"elementor-heading-title elementor-size-default\">\u00daltimas noticias<\/h2>\t\t\t\t<\/div>\n\t\t\t\t<\/div>\n\t\t\t\t<div class=\"elementor-element elementor-element-dfd4ad2 home-news elementor-widget elementor-widget-uael-posts\" data-id=\"dfd4ad2\" data-element_type=\"widget\" data-settings=\"{&quot;classic_slides_to_show&quot;:4,&quot;classic_slides_to_show_tablet&quot;:2,&quot;classic_slides_to_show_mobile&quot;:1,&quot;classic_show_filters&quot;:&quot;no&quot;}\" data-widget_type=\"uael-posts.classic\">\n\t\t\t\t<div class=\"elementor-widget-container\">\n\t\t\t\t\t\t\t<div class=\"uael-post__header\">\n\t\t\t\t\t<\/div>\n\t\t<div class=\"uael-post__body\">\n\t\t\t\n\t\t\n\t\t<div class=\"uael-blog-terms-position- uael-post-image-top uael-post-grid uael-posts\" data-query-type=\"custom\" data-structure=\"normal\" data-layout=\"\" data-page=\"4462\" data-skin=\"classic\" data-filter-default=\"\" data-offset-top=\"30\" >\n\n\t\t\t\t\t\t\t<div class=\"uael-post-grid__inner uael-post__columns-4 uael-post__columns-tablet-2 uael-post__columns-mobile-1\">\n\t\t\t\n<div class=\"uael-post-wrapper   \u00c2mbar \">\n\t<div class=\"uael-post__bg-wrap uael-bg-wrap-disabled \">\n\n\t\t\t\t\n\t\t<div class=\"uael-post__inner-wrap uael-inner-wrap-disabled\">\n\n\t\t\t\t<div class=\"uael-post__thumbnail\">\n\t\t\t\n\t\t\t<a href=\"https:\/\/ambarenergia.com.br\/es\/ambar-se-hace-cargo-de-amazonas-energia-y-comienza-una-nueva-fase-del-distribuidor\/\" target=\"_self\" title=\"\u00c2mbar se hace cargo de Amazonas Energia y comienza una nueva fase del distribuidor\"><img loading=\"lazy\" decoding=\"async\" width=\"300\" height=\"169\" src=\"https:\/\/ambarenergia.com.br\/wp-content\/uploads\/2026\/04\/Usina-Maua-III-300x169.jpeg\" class=\"attachment-medium size-medium wp-image-5570\" alt=\"Planta Mau\u00e1 III\" srcset=\"https:\/\/ambarenergia.com.br\/wp-content\/uploads\/2026\/04\/Usina-Maua-III-300x169.jpeg 300w, https:\/\/ambarenergia.com.br\/wp-content\/uploads\/2026\/04\/Usina-Maua-III-1024x576.jpeg 1024w, https:\/\/ambarenergia.com.br\/wp-content\/uploads\/2026\/04\/Usina-Maua-III-768x432.jpeg 768w, https:\/\/ambarenergia.com.br\/wp-content\/uploads\/2026\/04\/Usina-Maua-III-1536x864.jpeg 1536w, https:\/\/ambarenergia.com.br\/wp-content\/uploads\/2026\/04\/Usina-Maua-III.jpeg 1600w\" sizes=\"(max-width: 300px) 100vw, 300px\" \/><\/a>\n\t\t\t\t\t<\/div>\n\t\t\n\t\t\t\n\t\t\t<div class=\"uael-post__content-wrap uael-content-wrap-disabled\">\n\t\t\t\t\t<h3 class=\"uael-post__title\">\n\n\t\t\n\t\t\t\t\t\t<a href=\"https:\/\/ambarenergia.com.br\/es\/ambar-se-hace-cargo-de-amazonas-energia-y-comienza-una-nueva-fase-del-distribuidor\/\" target=\"_self\">\n\t\t\t\t\u00c2mbar se hace cargo de Amazonas Energia y comienza una nueva fase del distribuidor\t\t\t<\/a>\n\n\t\t\t\t<\/h3>\n\t\t\n\t\t<div class=\"uael-post__excerpt\">\n\t\t\tCon la conclusi\u00f3n de la transferencia de control, la empresa pasa a llamarse \u00c2mbar Energia; ...\t\t<\/div>\n\n\t\t\t\t\t<\/div>\n\t\t\t\n\t\t<\/div>\n\t\t\n\t<\/div>\n\n<\/div>\n\n<div class=\"uael-post-wrapper   \u00c2mbar \">\n\t<div class=\"uael-post__bg-wrap uael-bg-wrap-disabled \">\n\n\t\t\t\t\n\t\t<div class=\"uael-post__inner-wrap uael-inner-wrap-disabled\">\n\n\t\t\t\t<div class=\"uael-post__thumbnail\">\n\t\t\t\n\t\t\t<a href=\"https:\/\/ambarenergia.com.br\/es\/ambar-energia-completa-la-adquisicion-de-ute-norte-fluminense\/\" target=\"_self\" title=\"\u00c2mbar Energia completa la adquisici\u00f3n de UTE Norte Fluminense\"><img loading=\"lazy\" decoding=\"async\" width=\"300\" height=\"199\" src=\"https:\/\/ambarenergia.com.br\/wp-content\/uploads\/2026\/03\/UTE-Norte-Fluminense-300x199.jpg\" class=\"attachment-medium size-medium wp-image-5351\" alt=\"\u00c2mbar - UTE Norte Fluminense\" srcset=\"https:\/\/ambarenergia.com.br\/wp-content\/uploads\/2026\/03\/UTE-Norte-Fluminense-300x199.jpg 300w, https:\/\/ambarenergia.com.br\/wp-content\/uploads\/2026\/03\/UTE-Norte-Fluminense-1024x678.jpg 1024w, https:\/\/ambarenergia.com.br\/wp-content\/uploads\/2026\/03\/UTE-Norte-Fluminense-768x508.jpg 768w, https:\/\/ambarenergia.com.br\/wp-content\/uploads\/2026\/03\/UTE-Norte-Fluminense-1536x1017.jpg 1536w, https:\/\/ambarenergia.com.br\/wp-content\/uploads\/2026\/03\/UTE-Norte-Fluminense.jpg 1600w\" sizes=\"(max-width: 300px) 100vw, 300px\" \/><\/a>\n\t\t\t\t\t<\/div>\n\t\t\n\t\t\t\n\t\t\t<div class=\"uael-post__content-wrap uael-content-wrap-disabled\">\n\t\t\t\t\t<h3 class=\"uael-post__title\">\n\n\t\t\n\t\t\t\t\t\t<a href=\"https:\/\/ambarenergia.com.br\/es\/ambar-energia-completa-la-adquisicion-de-ute-norte-fluminense\/\" target=\"_self\">\n\t\t\t\t\u00c2mbar Energia completa la adquisici\u00f3n de UTE Norte Fluminense\t\t\t<\/a>\n\n\t\t\t\t<\/h3>\n\t\t\n\t\t<div class=\"uael-post__excerpt\">\n\t\t\tLa central de 827 megavatios (MW) fue adquirida de EDF Power Solutions de Francia y ...\t\t<\/div>\n\n\t\t\t\t\t<\/div>\n\t\t\t\n\t\t<\/div>\n\t\t\n\t<\/div>\n\n<\/div>\n\n<div class=\"uael-post-wrapper   \u00c2mbar \">\n\t<div class=\"uael-post__bg-wrap uael-bg-wrap-disabled \">\n\n\t\t\t\t\n\t\t<div class=\"uael-post__inner-wrap uael-inner-wrap-disabled\">\n\n\t\t\t\t<div class=\"uael-post__thumbnail\">\n\t\t\t\n\t\t\t<a href=\"https:\/\/ambarenergia.com.br\/es\/ambar-energia-cierra-un-acuerdo-con-edf-para-adquirir-ute-norte-fluminense\/\" target=\"_self\" title=\"\u00c2mbar Energia cierra un acuerdo con EDF para adquirir UTE Norte Fluminense\"><img loading=\"lazy\" decoding=\"async\" width=\"300\" height=\"146\" src=\"https:\/\/ambarenergia.com.br\/wp-content\/uploads\/2025\/12\/Norte-Fluminense-1-300x146.jpg\" class=\"attachment-medium size-medium wp-image-5258\" alt=\"En Maca\u00e9, la planta Norte Fluminense funciona con gas natural\" srcset=\"https:\/\/ambarenergia.com.br\/wp-content\/uploads\/2025\/12\/Norte-Fluminense-1-300x146.jpg 300w, https:\/\/ambarenergia.com.br\/wp-content\/uploads\/2025\/12\/Norte-Fluminense-1-1024x497.jpg 1024w, https:\/\/ambarenergia.com.br\/wp-content\/uploads\/2025\/12\/Norte-Fluminense-1-768x373.jpg 768w, https:\/\/ambarenergia.com.br\/wp-content\/uploads\/2025\/12\/Norte-Fluminense-1.jpg 1241w\" sizes=\"(max-width: 300px) 100vw, 300px\" \/><\/a>\n\t\t\t\t\t<\/div>\n\t\t\n\t\t\t\n\t\t\t<div class=\"uael-post__content-wrap uael-content-wrap-disabled\">\n\t\t\t\t\t<h3 class=\"uael-post__title\">\n\n\t\t\n\t\t\t\t\t\t<a href=\"https:\/\/ambarenergia.com.br\/es\/ambar-energia-cierra-un-acuerdo-con-edf-para-adquirir-ute-norte-fluminense\/\" target=\"_self\">\n\t\t\t\t\u00c2mbar Energia cierra un acuerdo con EDF para adquirir UTE Norte Fluminense\t\t\t<\/a>\n\n\t\t\t\t<\/h3>\n\t\t\n\t\t<div class=\"uael-post__excerpt\">\n\t\t\tLa operaci\u00f3n tambi\u00e9n incluye el proyecto de construcci\u00f3n de Norte Fluminense 2. Con las adquisiciones, ...\t\t<\/div>\n\n\t\t\t\t\t<\/div>\n\t\t\t\n\t\t<\/div>\n\t\t\n\t<\/div>\n\n<\/div>\n\n<div class=\"uael-post-wrapper   \u00c2mbar \">\n\t<div class=\"uael-post__bg-wrap uael-bg-wrap-disabled \">\n\n\t\t\t\t\n\t\t<div class=\"uael-post__inner-wrap uael-inner-wrap-disabled\">\n\n\t\t\t\t<div class=\"uael-post__thumbnail\">\n\t\t\t\n\t\t\t<a href=\"https:\/\/ambarenergia.com.br\/es\/ambar-llega-a-acre-con-la-adquisicion-de-tres-plantas-que-abastecen-al-20-del-estado\/\" target=\"_self\" title=\"\u00c2mbar llega a Acre con la adquisici\u00f3n de tres plantas que abastecen al 20% del estado\"><img loading=\"lazy\" decoding=\"async\" width=\"300\" height=\"167\" src=\"https:\/\/ambarenergia.com.br\/wp-content\/uploads\/2025\/10\/UTE-Cruzeiro-do-Sul-AC-300x167.jpg\" class=\"attachment-medium size-medium wp-image-5138\" alt=\"\" srcset=\"https:\/\/ambarenergia.com.br\/wp-content\/uploads\/2025\/10\/UTE-Cruzeiro-do-Sul-AC-300x167.jpg 300w, https:\/\/ambarenergia.com.br\/wp-content\/uploads\/2025\/10\/UTE-Cruzeiro-do-Sul-AC.jpg 567w\" sizes=\"(max-width: 300px) 100vw, 300px\" \/><\/a>\n\t\t\t\t\t<\/div>\n\t\t\n\t\t\t\n\t\t\t<div class=\"uael-post__content-wrap uael-content-wrap-disabled\">\n\t\t\t\t\t<h3 class=\"uael-post__title\">\n\n\t\t\n\t\t\t\t\t\t<a href=\"https:\/\/ambarenergia.com.br\/es\/ambar-llega-a-acre-con-la-adquisicion-de-tres-plantas-que-abastecen-al-20-del-estado\/\" target=\"_self\">\n\t\t\t\t\u00c2mbar llega a Acre con la adquisici\u00f3n de tres plantas que abastecen al 20% del estado\t\t\t<\/a>\n\n\t\t\t\t<\/h3>\n\t\t\n\t\t<div class=\"uael-post__excerpt\">\n\t\t\tLa compa\u00f1\u00eda ahora opera en 11 estados y refuerza su compromiso con la seguridad energ\u00e9tica ...\t\t<\/div>\n\n\t\t\t\t\t<\/div>\n\t\t\t\n\t\t<\/div>\n\t\t\n\t<\/div>\n\n<\/div>\n\t\t\t\t<\/div>\n\t\t\t\t\t\t\n\t\t<\/div>\n\n\t\t\t\t\t\t<\/div>\n\t\t<div class=\"uael-post__footer\">\n\t\t\t\t\t<\/div>\n\t\t\t\t\t\t<\/div>\n\t\t\t\t<\/div>\n\t\t\t\t\t<\/div>\n\t\t\t\t<\/div>\n\t\t\t\t\t<\/div>\n\t\t<\/div>\n\t\t\t\t\t<\/div>\n\t\t<\/section>\n\t\t\t\t<\/div>\n\t\t","protected":false},"excerpt":{"rendered":"<p>Gera\u00e7\u00e3o de Energia Temos 59 unidades de gera\u00e7\u00e3o de energia, essenciais para garantir a seguran\u00e7a no abastecimento do pa\u00eds e fortalecer a transi\u00e7\u00e3o energ\u00e9tica sustent\u00e1vel. Comercializa\u00e7\u00e3o e gest\u00e3o Migre para o Mercado Livre de Energia com a \u00c2mbar e conte com a solidez e os servi\u00e7os do maior grupo empresarial do pa\u00eds, oferecendo pre\u00e7os competitivos. [&hellip;]<\/p>\n","protected":false},"author":2,"featured_media":0,"parent":0,"menu_order":0,"comment_status":"closed","ping_status":"closed","template":"","meta":{"_acf_changed":false,"_uag_custom_page_level_css":"","site-sidebar-layout":"no-sidebar","site-content-layout":"page-builder","ast-site-content-layout":"full-width-container","site-content-style":"boxed","site-sidebar-style":"unboxed","ast-global-header-display":"","ast-banner-title-visibility":"","ast-main-header-display":"","ast-hfb-above-header-display":"","ast-hfb-below-header-display":"","ast-hfb-mobile-header-display":"","site-post-title":"disabled","ast-breadcrumbs-content":"disabled","ast-featured-img":"disabled","footer-sml-layout":"","theme-transparent-header-meta":"disabled","adv-header-id-meta":"","stick-header-meta":"","header-above-stick-meta":"","header-main-stick-meta":"","header-below-stick-meta":"","astra-migrate-meta-layouts":"default","ast-page-background-enabled":"default","ast-page-background-meta":{"desktop":{"background-color":"","background-image":"","background-repeat":"repeat","background-position":"center center","background-size":"auto","background-attachment":"scroll","background-type":"","background-media":"","overlay-type":"","overlay-color":"","overlay-gradient":""},"tablet":{"background-color":"","background-image":"","background-repeat":"repeat","background-position":"center center","background-size":"auto","background-attachment":"scroll","background-type":"","background-media":"","overlay-type":"","overlay-color":"","overlay-gradient":""},"mobile":{"background-color":"","background-image":"","background-repeat":"repeat","background-position":"center center","background-size":"auto","background-attachment":"scroll","background-type":"","background-media":"","overlay-type":"","overlay-color":"","overlay-gradient":""}},"ast-content-background-meta":{"desktop":{"background-color":"var(--ast-global-color-5)","background-image":"","background-repeat":"repeat","background-position":"center center","background-size":"auto","background-attachment":"scroll","background-type":"","background-media":"","overlay-type":"","overlay-color":"","overlay-gradient":""},"tablet":{"background-color":"var(--ast-global-color-5)","background-image":"","background-repeat":"repeat","background-position":"center center","background-size":"auto","background-attachment":"scroll","background-type":"","background-media":"","overlay-type":"","overlay-color":"","overlay-gradient":""},"mobile":{"background-color":"var(--ast-global-color-5)","background-image":"","background-repeat":"repeat","background-position":"center center","background-size":"auto","background-attachment":"scroll","background-type":"","background-media":"","overlay-type":"","overlay-color":"","overlay-gradient":""}},"footnotes":""},"class_list":["post-4462","page","type-page","status-publish","hentry"],"acf":[],"yoast_head":"<!-- This site is optimized with the Yoast SEO plugin v24.7 - https:\/\/yoast.com\/wordpress\/plugins\/seo\/ -->\n<title>\u00c2mbar Energia<\/title>\n<meta name=\"description\" content=\"Generaci\u00f3n, transmisi\u00f3n y comercializaci\u00f3n de energ\u00eda. Somos \u00c2mbar, la empresa de generaci\u00f3n y comercializaci\u00f3n de energ\u00eda del grupo J&amp;F.\" \/>\n<meta name=\"robots\" content=\"index, follow, max-snippet:-1, max-image-preview:large, max-video-preview:-1\" \/>\n<link rel=\"canonical\" href=\"https:\/\/ambarenergia.com.br\/es\/\" \/>\n<meta property=\"og:locale\" content=\"es_ES\" \/>\n<meta property=\"og:type\" content=\"article\" \/>\n<meta property=\"og:title\" content=\"\u00c2mbar Energia\" \/>\n<meta property=\"og:description\" content=\"Generaci\u00f3n, transmisi\u00f3n y comercializaci\u00f3n de energ\u00eda. Somos \u00c2mbar, la empresa de generaci\u00f3n y comercializaci\u00f3n de energ\u00eda del grupo J&amp;F.\" \/>\n<meta property=\"og:url\" content=\"https:\/\/ambarenergia.com.br\/es\/\" \/>\n<meta property=\"og:site_name\" content=\"\u00c2mbar Energia\" \/>\n<meta property=\"article:modified_time\" content=\"2026-04-14T13:46:45+00:00\" \/>\n<meta property=\"og:image\" content=\"https:\/\/ambarenergia.com.br\/wp-content\/uploads\/2024\/06\/Geracao-de-Energia-Araucaria.jpeg\" \/>\n\t<meta property=\"og:image:width\" content=\"2048\" \/>\n\t<meta property=\"og:image:height\" content=\"1152\" \/>\n\t<meta property=\"og:image:type\" content=\"image\/jpeg\" \/>\n<meta name=\"twitter:card\" content=\"summary_large_image\" \/>\n<meta name=\"twitter:label1\" content=\"Tiempo de lectura\" \/>\n\t<meta name=\"twitter:data1\" content=\"1 minuto\" \/>\n<script type=\"application\/ld+json\" class=\"yoast-schema-graph\">{\"@context\":\"https:\/\/schema.org\",\"@graph\":[{\"@type\":\"WebPage\",\"@id\":\"https:\/\/ambarenergia.com.br\/es\/\",\"url\":\"https:\/\/ambarenergia.com.br\/es\/\",\"name\":\"\u00c2mbar Energia\",\"isPartOf\":{\"@id\":\"https:\/\/ambarenergia.com.br\/es\/#website\"},\"primaryImageOfPage\":{\"@id\":\"https:\/\/ambarenergia.com.br\/es\/#primaryimage\"},\"image\":{\"@id\":\"https:\/\/ambarenergia.com.br\/es\/#primaryimage\"},\"thumbnailUrl\":\"https:\/\/ambarenergia.com.br\/wp-content\/uploads\/2024\/06\/Geracao-de-Energia-Araucaria.jpeg\",\"datePublished\":\"2021-05-21T04:06:19+00:00\",\"dateModified\":\"2026-04-14T13:46:45+00:00\",\"description\":\"Generaci\u00f3n, transmisi\u00f3n y comercializaci\u00f3n de energ\u00eda. Somos \u00c2mbar, la empresa de generaci\u00f3n y comercializaci\u00f3n de energ\u00eda del grupo J&F.\",\"breadcrumb\":{\"@id\":\"https:\/\/ambarenergia.com.br\/es\/#breadcrumb\"},\"inLanguage\":\"es\",\"potentialAction\":[{\"@type\":\"ReadAction\",\"target\":[\"https:\/\/ambarenergia.com.br\/es\/\"]}]},{\"@type\":\"ImageObject\",\"inLanguage\":\"es\",\"@id\":\"https:\/\/ambarenergia.com.br\/es\/#primaryimage\",\"url\":\"https:\/\/ambarenergia.com.br\/wp-content\/uploads\/2024\/06\/Geracao-de-Energia-Araucaria.jpeg\",\"contentUrl\":\"https:\/\/ambarenergia.com.br\/wp-content\/uploads\/2024\/06\/Geracao-de-Energia-Araucaria.jpeg\"},{\"@type\":\"BreadcrumbList\",\"@id\":\"https:\/\/ambarenergia.com.br\/es\/#breadcrumb\",\"itemListElement\":[{\"@type\":\"ListItem\",\"position\":1,\"name\":\"In\u00edcio\",\"item\":\"https:\/\/ambarenergia.com.br\/es\/hogar\/\"},{\"@type\":\"ListItem\",\"position\":2,\"name\":\"Hogar\"}]},{\"@type\":\"WebSite\",\"@id\":\"https:\/\/ambarenergia.com.br\/es\/#website\",\"url\":\"https:\/\/ambarenergia.com.br\/es\/\",\"name\":\"\u00c2mbar Energia\",\"description\":\"Generaci\u00f3n, transmisi\u00f3n y comercializaci\u00f3n de energ\u00eda.\",\"publisher\":{\"@id\":\"https:\/\/ambarenergia.com.br\/es\/#organization\"},\"potentialAction\":[{\"@type\":\"SearchAction\",\"target\":{\"@type\":\"EntryPoint\",\"urlTemplate\":\"https:\/\/ambarenergia.com.br\/es\/?s={search_term_string}\"},\"query-input\":{\"@type\":\"PropertyValueSpecification\",\"valueRequired\":true,\"valueName\":\"search_term_string\"}}],\"inLanguage\":\"es\"},{\"@type\":\"Organization\",\"@id\":\"https:\/\/ambarenergia.com.br\/es\/#organization\",\"name\":\"\u00c2mbar Energia\",\"url\":\"https:\/\/ambarenergia.com.br\/es\/\",\"logo\":{\"@type\":\"ImageObject\",\"inLanguage\":\"es\",\"@id\":\"https:\/\/ambarenergia.com.br\/es\/#\/schema\/logo\/image\/\",\"url\":\"https:\/\/ambarenergia.com.br\/wp-content\/uploads\/2024\/04\/Logo_Ambar_Energia_CMYK-01_edited.webp\",\"contentUrl\":\"https:\/\/ambarenergia.com.br\/wp-content\/uploads\/2024\/04\/Logo_Ambar_Energia_CMYK-01_edited.webp\",\"width\":260,\"height\":102,\"caption\":\"\u00c2mbar Energia\"},\"image\":{\"@id\":\"https:\/\/ambarenergia.com.br\/es\/#\/schema\/logo\/image\/\"},\"sameAs\":[\"https:\/\/br.linkedin.com\/company\/ambar-energia\",\"https:\/\/www.instagram.com\/ambarenergia\"]}]}<\/script>\n<!-- \/ Yoast SEO plugin. -->","yoast_head_json":{"title":"\u00c2mbar Energia","description":"Generaci\u00f3n, transmisi\u00f3n y comercializaci\u00f3n de energ\u00eda. Somos \u00c2mbar, la empresa de generaci\u00f3n y comercializaci\u00f3n de energ\u00eda del grupo J&F.","robots":{"index":"index","follow":"follow","max-snippet":"max-snippet:-1","max-image-preview":"max-image-preview:large","max-video-preview":"max-video-preview:-1"},"canonical":"https:\/\/ambarenergia.com.br\/es\/","og_locale":"es_ES","og_type":"article","og_title":"\u00c2mbar Energia","og_description":"Generaci\u00f3n, transmisi\u00f3n y comercializaci\u00f3n de energ\u00eda. Somos \u00c2mbar, la empresa de generaci\u00f3n y comercializaci\u00f3n de energ\u00eda del grupo J&F.","og_url":"https:\/\/ambarenergia.com.br\/es\/","og_site_name":"\u00c2mbar Energia","article_modified_time":"2026-04-14T13:46:45+00:00","og_image":[{"width":2048,"height":1152,"url":"https:\/\/ambarenergia.com.br\/wp-content\/uploads\/2024\/06\/Geracao-de-Energia-Araucaria.jpeg","type":"image\/jpeg"}],"twitter_card":"summary_large_image","twitter_misc":{"Tiempo de lectura":"1 minuto"},"schema":{"@context":"https:\/\/schema.org","@graph":[{"@type":"WebPage","@id":"https:\/\/ambarenergia.com.br\/es\/","url":"https:\/\/ambarenergia.com.br\/es\/","name":"\u00c2mbar Energia","isPartOf":{"@id":"https:\/\/ambarenergia.com.br\/es\/#website"},"primaryImageOfPage":{"@id":"https:\/\/ambarenergia.com.br\/es\/#primaryimage"},"image":{"@id":"https:\/\/ambarenergia.com.br\/es\/#primaryimage"},"thumbnailUrl":"https:\/\/ambarenergia.com.br\/wp-content\/uploads\/2024\/06\/Geracao-de-Energia-Araucaria.jpeg","datePublished":"2021-05-21T04:06:19+00:00","dateModified":"2026-04-14T13:46:45+00:00","description":"Generaci\u00f3n, transmisi\u00f3n y comercializaci\u00f3n de energ\u00eda. Somos \u00c2mbar, la empresa de generaci\u00f3n y comercializaci\u00f3n de energ\u00eda del grupo J&F.","breadcrumb":{"@id":"https:\/\/ambarenergia.com.br\/es\/#breadcrumb"},"inLanguage":"es","potentialAction":[{"@type":"ReadAction","target":["https:\/\/ambarenergia.com.br\/es\/"]}]},{"@type":"ImageObject","inLanguage":"es","@id":"https:\/\/ambarenergia.com.br\/es\/#primaryimage","url":"https:\/\/ambarenergia.com.br\/wp-content\/uploads\/2024\/06\/Geracao-de-Energia-Araucaria.jpeg","contentUrl":"https:\/\/ambarenergia.com.br\/wp-content\/uploads\/2024\/06\/Geracao-de-Energia-Araucaria.jpeg"},{"@type":"BreadcrumbList","@id":"https:\/\/ambarenergia.com.br\/es\/#breadcrumb","itemListElement":[{"@type":"ListItem","position":1,"name":"In\u00edcio","item":"https:\/\/ambarenergia.com.br\/es\/hogar\/"},{"@type":"ListItem","position":2,"name":"Hogar"}]},{"@type":"WebSite","@id":"https:\/\/ambarenergia.com.br\/es\/#website","url":"https:\/\/ambarenergia.com.br\/es\/","name":"\u00c2mbar Energia","description":"Generaci\u00f3n, transmisi\u00f3n y comercializaci\u00f3n de energ\u00eda.","publisher":{"@id":"https:\/\/ambarenergia.com.br\/es\/#organization"},"potentialAction":[{"@type":"SearchAction","target":{"@type":"EntryPoint","urlTemplate":"https:\/\/ambarenergia.com.br\/es\/?s={search_term_string}"},"query-input":{"@type":"PropertyValueSpecification","valueRequired":true,"valueName":"search_term_string"}}],"inLanguage":"es"},{"@type":"Organization","@id":"https:\/\/ambarenergia.com.br\/es\/#organization","name":"\u00c2mbar Energia","url":"https:\/\/ambarenergia.com.br\/es\/","logo":{"@type":"ImageObject","inLanguage":"es","@id":"https:\/\/ambarenergia.com.br\/es\/#\/schema\/logo\/image\/","url":"https:\/\/ambarenergia.com.br\/wp-content\/uploads\/2024\/04\/Logo_Ambar_Energia_CMYK-01_edited.webp","contentUrl":"https:\/\/ambarenergia.com.br\/wp-content\/uploads\/2024\/04\/Logo_Ambar_Energia_CMYK-01_edited.webp","width":260,"height":102,"caption":"\u00c2mbar Energia"},"image":{"@id":"https:\/\/ambarenergia.com.br\/es\/#\/schema\/logo\/image\/"},"sameAs":["https:\/\/br.linkedin.com\/company\/ambar-energia","https:\/\/www.instagram.com\/ambarenergia"]}]}},"uagb_featured_image_src":{"full":false,"thumbnail":false,"medium":false,"medium_large":false,"large":false,"1536x1536":false,"2048x2048":false},"uagb_author_info":{"display_name":"AMDB Manuten\u00e7\u00e3o","author_link":"https:\/\/ambarenergia.com.br\/es\/author\/amdb-manutencao\/"},"uagb_comment_info":0,"uagb_excerpt":"Gera\u00e7\u00e3o de Energia Temos 59 unidades de gera\u00e7\u00e3o de energia, essenciais para garantir a seguran\u00e7a no abastecimento do pa\u00eds e fortalecer a transi\u00e7\u00e3o energ\u00e9tica sustent\u00e1vel. Comercializa\u00e7\u00e3o e gest\u00e3o Migre para o Mercado Livre de Energia com a \u00c2mbar e conte com a solidez e os servi\u00e7os do maior grupo empresarial do pa\u00eds, oferecendo pre\u00e7os competitivos.&hellip;","_links":{"self":[{"href":"https:\/\/ambarenergia.com.br\/es\/wp-json\/wp\/v2\/pages\/4462","targetHints":{"allow":["GET"]}}],"collection":[{"href":"https:\/\/ambarenergia.com.br\/es\/wp-json\/wp\/v2\/pages"}],"about":[{"href":"https:\/\/ambarenergia.com.br\/es\/wp-json\/wp\/v2\/types\/page"}],"author":[{"embeddable":true,"href":"https:\/\/ambarenergia.com.br\/es\/wp-json\/wp\/v2\/users\/2"}],"replies":[{"embeddable":true,"href":"https:\/\/ambarenergia.com.br\/es\/wp-json\/wp\/v2\/comments?post=4462"}],"version-history":[{"count":4,"href":"https:\/\/ambarenergia.com.br\/es\/wp-json\/wp\/v2\/pages\/4462\/revisions"}],"predecessor-version":[{"id":5517,"href":"https:\/\/ambarenergia.com.br\/es\/wp-json\/wp\/v2\/pages\/4462\/revisions\/5517"}],"wp:attachment":[{"href":"https:\/\/ambarenergia.com.br\/es\/wp-json\/wp\/v2\/media?parent=4462"}],"curies":[{"name":"wp","href":"https:\/\/api.w.org\/{rel}","templated":true}]}}